{"id":5,"date":"2014-03-06T08:33:00","date_gmt":"2014-03-06T08:33:00","guid":{"rendered":"http:\/\/s621472710.mialojamiento.es\/?page_id=5"},"modified":"2025-11-26T09:10:05","modified_gmt":"2025-11-26T09:10:05","slug":"inicio","status":"publish","type":"page","link":"https:\/\/ingegraf.es\/?page_id=5","title":{"rendered":"Inicio"},"content":{"rendered":"<ul class=\"wp-block-latest-posts__list has-dates wp-block-latest-posts\"><li><a class=\"wp-block-latest-posts__post-title\" href=\"https:\/\/ingegraf.es\/?p=2135\">Ingegraf International Technical Conference &#8211; Bilbao &#8211; 2026<\/a><time datetime=\"2025-12-17T09:49:00+00:00\" class=\"wp-block-latest-posts__post-date\">diciembre 17, 2025<\/time><div class=\"wp-block-latest-posts__post-excerpt\">INGEGRAF (Asociaci\u00f3n de Profesores de Expresi\u00f3n Gr\u00e1fica en la Ingenier\u00eda), ha organizado 34 Congresos Internacionales, con una cadencia anual y de forma ininterrumpida. Su visi\u00f3n, a lo largo de estas tres d\u00e9cadas, ha ido evolucionando conforme los avances tecnol\u00f3gicos se han ido desarrollando, especialmente con la implementaci\u00f3n de las TICs en el Dise\u00f1o de Productos, &hellip; <a href=\"https:\/\/ingegraf.es\/?p=2135\" class=\"more-link\">Seguir leyendo <span class=\"screen-reader-text\">Ingegraf International Technical Conference &#8211; Bilbao &#8211; 2026<\/span> <span class=\"meta-nav\">&rarr;<\/span><\/a><\/div><\/li>\n<li><a class=\"wp-block-latest-posts__post-title\" href=\"https:\/\/ingegraf.es\/?p=2194\">Mensaje a Socios JUBILADOS<\/a><time datetime=\"2025-11-25T12:31:44+00:00\" class=\"wp-block-latest-posts__post-date\">noviembre 25, 2025<\/time><div class=\"wp-block-latest-posts__post-excerpt\">Estimad@ amig@ y soci@ de INGEGRAF:\u00a0En primer lugar, desear que te encuentres bien de salud y que est\u00e9s disfrutando de tu m\u00e1s que merecida jubilaci\u00f3n, y agradecerte tu compromiso y colaboraci\u00f3n con la Asociaci\u00f3n durante tus a\u00f1os en activo. INGEGRAF no hubiera llegado a ser lo que hoy en d\u00eda es sin personas como t\u00fa, &hellip; <a href=\"https:\/\/ingegraf.es\/?p=2194\" class=\"more-link\">Seguir leyendo <span class=\"screen-reader-text\">Mensaje a Socios JUBILADOS<\/span> <span class=\"meta-nav\">&rarr;<\/span><\/a><\/div><\/li>\n<li><div class=\"wp-block-latest-posts__featured-image\"><img loading=\"lazy\" decoding=\"async\" width=\"604\" height=\"412\" src=\"https:\/\/ingegraf.es\/wp-content\/uploads\/2025\/10\/Portada_Book_of_Abstracts.png\" class=\"attachment-large size-large wp-post-image\" alt=\"\" style=\"\" srcset=\"https:\/\/ingegraf.es\/wp-content\/uploads\/2025\/10\/Portada_Book_of_Abstracts.png 635w, https:\/\/ingegraf.es\/wp-content\/uploads\/2025\/10\/Portada_Book_of_Abstracts-300x205.png 300w\" sizes=\"auto, (max-width: 604px) 100vw, 604px\" \/><\/div><a class=\"wp-block-latest-posts__post-title\" href=\"https:\/\/ingegraf.es\/?p=2150\">Book of Abstracts de la 34th INGEGRAF International Conference 2025 (Sevilla)<\/a><time datetime=\"2025-10-15T06:27:20+00:00\" class=\"wp-block-latest-posts__post-date\">octubre 15, 2025<\/time><div class=\"wp-block-latest-posts__post-excerpt\">La Conferencia Internacional de Ingenier\u00eda Gr\u00e1fica (International Conference in Graphical Engineering) ha contado desde 1988 con el apoyo anual de INGEGRAF (Asociaci\u00f3n Espa\u00f1ola de Ingenier\u00eda Gr\u00e1fica). Su 34\u00aa edici\u00f3n se ha celebrado en la Escuela T\u00e9cnica Superior de Ingenier\u00eda de la Universidad de Sevilla los d\u00edas 25, 26 y 27 de junio de 2025, bajo &hellip; <a href=\"https:\/\/ingegraf.es\/?p=2150\" class=\"more-link\">Seguir leyendo <span class=\"screen-reader-text\">Book of Abstracts de la 34th INGEGRAF International Conference 2025 (Sevilla)<\/span> <span class=\"meta-nav\">&rarr;<\/span><\/a><\/div><\/li>\n<li><div class=\"wp-block-latest-posts__featured-image\"><img loading=\"lazy\" decoding=\"async\" width=\"604\" height=\"209\" src=\"https:\/\/ingegraf.es\/wp-content\/uploads\/2025\/06\/jcm_26.png\" class=\"attachment-large size-large wp-post-image\" alt=\"\" style=\"\" srcset=\"https:\/\/ingegraf.es\/wp-content\/uploads\/2025\/06\/jcm_26.png 780w, https:\/\/ingegraf.es\/wp-content\/uploads\/2025\/06\/jcm_26-300x104.png 300w, https:\/\/ingegraf.es\/wp-content\/uploads\/2025\/06\/jcm_26-768x266.png 768w\" sizes=\"auto, (max-width: 604px) 100vw, 604px\" \/><\/div><a class=\"wp-block-latest-posts__post-title\" href=\"https:\/\/ingegraf.es\/?p=2066\">JCM 2026 &#8211; 17-19 JUNIO 26 Aix Les Bains (Francia)<\/a><time datetime=\"2025-09-22T09:00:20+00:00\" class=\"wp-block-latest-posts__post-date\">septiembre 22, 2025<\/time><div class=\"wp-block-latest-posts__post-excerpt\">13th&nbsp;International Joint Conference on Mechanics, Design Engineering and Advanced Manufacturing&nbsp; 17-19 juin 2026, Aix-les-Bains, France&nbsp; Estimados\/as colegas: En nombre de las asociaciones INGEGRAF (Asociaci\u00f3n Espa\u00f1ola de Ingenier\u00eda Gr\u00e1fica), ADM (Associazione Nazionale Disegno e Metodi dell\u2019Ingegneria Industriale) y S.mart (Systems, Manufacturing, Academics, Resources, Technologies), nos complace anunciar la apertura del plazo de env\u00edo de contribuciones para &hellip; <a href=\"https:\/\/ingegraf.es\/?p=2066\" class=\"more-link\">Seguir leyendo <span class=\"screen-reader-text\">JCM 2026 &#8211; 17-19 JUNIO 26 Aix Les Bains (Francia)<\/span> <span class=\"meta-nav\">&rarr;<\/span><\/a><\/div><\/li>\n<li><div class=\"wp-block-latest-posts__featured-image\"><img loading=\"lazy\" decoding=\"async\" width=\"604\" height=\"339\" src=\"https:\/\/ingegraf.es\/wp-content\/uploads\/2025\/06\/Captura-de-pantalla-2025-06-03-a-las-15.22.29-1024x574.png\" class=\"attachment-large size-large wp-post-image\" alt=\"\" style=\"\" srcset=\"https:\/\/ingegraf.es\/wp-content\/uploads\/2025\/06\/Captura-de-pantalla-2025-06-03-a-las-15.22.29-1024x574.png 1024w, https:\/\/ingegraf.es\/wp-content\/uploads\/2025\/06\/Captura-de-pantalla-2025-06-03-a-las-15.22.29-300x168.png 300w, https:\/\/ingegraf.es\/wp-content\/uploads\/2025\/06\/Captura-de-pantalla-2025-06-03-a-las-15.22.29-768x431.png 768w, https:\/\/ingegraf.es\/wp-content\/uploads\/2025\/06\/Captura-de-pantalla-2025-06-03-a-las-15.22.29.png 1220w\" sizes=\"auto, (max-width: 604px) 100vw, 604px\" \/><\/div><a class=\"wp-block-latest-posts__post-title\" href=\"https:\/\/ingegraf.es\/?p=2052\">NEW BOOK: Data and Process Visualisation for Graphic Communication<\/a><time datetime=\"2025-06-03T13:21:28+00:00\" class=\"wp-block-latest-posts__post-date\">junio 3, 2025<\/time><div class=\"wp-block-latest-posts__post-excerpt\">This book guides the reader through the process of graphic communication with a particular focus on representing data and processes. It considers a variety of common graphic communication scenarios among those that arise most frequently in practical applications. The book is organized in two parts: representing data (Part I) and representing processes (Part II). The &hellip; <a href=\"https:\/\/ingegraf.es\/?p=2052\" class=\"more-link\">Seguir leyendo <span class=\"screen-reader-text\">NEW BOOK: Data and Process Visualisation for Graphic Communication<\/span> <span class=\"meta-nav\">&rarr;<\/span><\/a><\/div><\/li>\n<li><div class=\"wp-block-latest-posts__featured-image\"><img loading=\"lazy\" decoding=\"async\" width=\"604\" height=\"236\" src=\"https:\/\/ingegraf.es\/wp-content\/uploads\/2025\/04\/tesis_mini_2-1024x400.png\" class=\"attachment-large size-large wp-post-image\" alt=\"\" style=\"\" srcset=\"https:\/\/ingegraf.es\/wp-content\/uploads\/2025\/04\/tesis_mini_2-1024x400.png 1024w, https:\/\/ingegraf.es\/wp-content\/uploads\/2025\/04\/tesis_mini_2-300x117.png 300w, https:\/\/ingegraf.es\/wp-content\/uploads\/2025\/04\/tesis_mini_2-768x300.png 768w\" sizes=\"auto, (max-width: 604px) 100vw, 604px\" \/><\/div><a class=\"wp-block-latest-posts__post-title\" href=\"https:\/\/ingegraf.es\/?p=2033\">III PREMIO INGEGRAF A LA MEJOR TESIS DOCTORAL<\/a><time datetime=\"2025-04-02T11:51:02+00:00\" class=\"wp-block-latest-posts__post-date\">abril 2, 2025<\/time><div class=\"wp-block-latest-posts__post-excerpt\">La Asociaci\u00f3n Espa\u00f1ola de Ingenier\u00eda Gr\u00e1fica INGEGRAF convoca el III Premio INGEGRAF a la mejor Tesis Doctoral en el \u00e1mbito de la Ingenier\u00eda Gr\u00e1fica en Espa\u00f1a. El premio ser\u00e1 entregado durante la celebraci\u00f3n del XXXIV CONGRESO INTERNACIONAL DE INGENIER\u00cdA GR\u00c1FICA que se celebrar\u00e1, en Sevilla, los d\u00edas 25-27 de junio de 2025.\u00a0 Premios Se conceder\u00e1 &hellip; <a href=\"https:\/\/ingegraf.es\/?p=2033\" class=\"more-link\">Seguir leyendo <span class=\"screen-reader-text\">III PREMIO INGEGRAF A LA MEJOR TESIS DOCTORAL<\/span> <span class=\"meta-nav\">&rarr;<\/span><\/a><\/div><\/li>\n<li><div class=\"wp-block-latest-posts__featured-image\"><img loading=\"lazy\" decoding=\"async\" width=\"604\" height=\"420\" src=\"https:\/\/ingegraf.es\/wp-content\/uploads\/2024\/11\/SMALL_34_SEVILLA_2025.jpg\" class=\"attachment-large size-large wp-post-image\" alt=\"\" style=\"\" srcset=\"https:\/\/ingegraf.es\/wp-content\/uploads\/2024\/11\/SMALL_34_SEVILLA_2025.jpg 662w, https:\/\/ingegraf.es\/wp-content\/uploads\/2024\/11\/SMALL_34_SEVILLA_2025-300x208.jpg 300w\" sizes=\"auto, (max-width: 604px) 100vw, 604px\" \/><\/div><a class=\"wp-block-latest-posts__post-title\" href=\"https:\/\/ingegraf.es\/?p=2023\">34th INGEGRAF International Conference\u00a0&#8211; 2025<\/a><time datetime=\"2024-11-28T12:24:54+00:00\" class=\"wp-block-latest-posts__post-date\">noviembre 28, 2024<\/time><div class=\"wp-block-latest-posts__post-excerpt\">Welcome The International Conference in Graphical Engineering has been annually supported by INGEGRAF (Asociaci\u00f3n Espa\u00f1ola de Ingenier\u00eda Gr\u00e1fica: https:\/\/ingegraf.es\/) since 1988. Its 34th edition will be hosted at the Escuela T\u00e9cnica Superior de Ingenier\u00eda of the University of Seville under the theme Graphic AI: Future, Transformation, and Automation. The congress will cover TOPICS from various &hellip; <a href=\"https:\/\/ingegraf.es\/?p=2023\" class=\"more-link\">Seguir leyendo <span class=\"screen-reader-text\">34th INGEGRAF International Conference\u00a0&#8211; 2025<\/span> <span class=\"meta-nav\">&rarr;<\/span><\/a><\/div><\/li>\n<li><div class=\"wp-block-latest-posts__featured-image\"><img loading=\"lazy\" decoding=\"async\" width=\"604\" height=\"403\" src=\"https:\/\/ingegraf.es\/wp-content\/uploads\/2024\/02\/l2-1024x683.jpg\" class=\"attachment-large size-large wp-post-image\" alt=\"http:\/\/12jcm.ingegraf.es\" style=\"\" srcset=\"https:\/\/ingegraf.es\/wp-content\/uploads\/2024\/02\/l2-1024x683.jpg 1024w, https:\/\/ingegraf.es\/wp-content\/uploads\/2024\/02\/l2-300x200.jpg 300w, https:\/\/ingegraf.es\/wp-content\/uploads\/2024\/02\/l2-768x512.jpg 768w, https:\/\/ingegraf.es\/wp-content\/uploads\/2024\/02\/l2.jpg 1920w\" sizes=\"auto, (max-width: 604px) 100vw, 604px\" \/><\/div><a class=\"wp-block-latest-posts__post-title\" href=\"https:\/\/ingegraf.es\/?p=2004\">12th JCM 2024 &#8211; 33rd INGEGRAF &#8211; 12th- 13th- 14th June 2024 Valencia (Spain)<\/a><time datetime=\"2024-02-15T09:51:35+00:00\" class=\"wp-block-latest-posts__post-date\">febrero 15, 2024<\/time><div class=\"wp-block-latest-posts__post-excerpt\">33rd INGEGRAF \u2013 12th JCM 2024. International &#8211; Research and Innovation in Graphic Engineering: Tools for Achieving Sustainable Development Goals and Addressing Emerging Global Challenges JCM 2024 originates as the 12th Joint Conference of ADM (Associazione Nazionale Disegno e Metodi dell\u2019Ingegneria Industriale), INGEGRAF (Asociaci\u00f3n Espa\u00f1ola de Ingenier\u00eda Gr\u00e1fica) and S.mart (Systems, Manufacturing, Academics, Resources, Technologies). &hellip; <a href=\"https:\/\/ingegraf.es\/?p=2004\" class=\"more-link\">Seguir leyendo <span class=\"screen-reader-text\">12th JCM 2024 &#8211; 33rd INGEGRAF &#8211; 12th- 13th- 14th June 2024 Valencia (Spain)<\/span> <span class=\"meta-nav\">&rarr;<\/span><\/a><\/div><\/li>\n<li><div class=\"wp-block-latest-posts__featured-image\"><img loading=\"lazy\" decoding=\"async\" width=\"604\" height=\"346\" src=\"https:\/\/ingegraf.es\/wp-content\/uploads\/2022\/12\/logo-ingegraf-def.png\" class=\"attachment-large size-large wp-post-image\" alt=\"\" style=\"\" srcset=\"https:\/\/ingegraf.es\/wp-content\/uploads\/2022\/12\/logo-ingegraf-def.png 800w, https:\/\/ingegraf.es\/wp-content\/uploads\/2022\/12\/logo-ingegraf-def-300x172.png 300w, https:\/\/ingegraf.es\/wp-content\/uploads\/2022\/12\/logo-ingegraf-def-768x440.png 768w\" sizes=\"auto, (max-width: 604px) 100vw, 604px\" \/><\/div><a class=\"wp-block-latest-posts__post-title\" href=\"https:\/\/ingegraf.es\/?p=1986\">32nd INGEGRAF International Conference | 2023<\/a><time datetime=\"2022-12-19T11:03:20+00:00\" class=\"wp-block-latest-posts__post-date\">diciembre 19, 2022<\/time><div class=\"wp-block-latest-posts__post-excerpt\">Estimado socio\/a de INGEGRAF, Nos ponemos en contacto con usted, como socio\/a de la Asociaci\u00f3n INGEGRAF, para informarle de que ya est\u00e1 disponible la informaci\u00f3n relativa a la 32 Edici\u00f3n del Congreso Internacional INGEGRAF, que tendr\u00e1 lugar en C\u00e1diz, entre los d\u00edas 21 y 23 de junio de 2023. Nos encantar\u00eda contar con su participaci\u00f3n. &hellip; <a href=\"https:\/\/ingegraf.es\/?p=1986\" class=\"more-link\">Seguir leyendo <span class=\"screen-reader-text\">32nd INGEGRAF International Conference | 2023<\/span> <span class=\"meta-nav\">&rarr;<\/span><\/a><\/div><\/li>\n<li><div class=\"wp-block-latest-posts__featured-image\"><img loading=\"lazy\" decoding=\"async\" width=\"604\" height=\"350\" src=\"https:\/\/ingegraf.es\/wp-content\/uploads\/2021\/11\/malaga_1-22-1024x593.png\" class=\"attachment-large size-large wp-post-image\" alt=\"\" style=\"\" srcset=\"https:\/\/ingegraf.es\/wp-content\/uploads\/2021\/11\/malaga_1-22-1024x593.png 1024w, https:\/\/ingegraf.es\/wp-content\/uploads\/2021\/11\/malaga_1-22-300x174.png 300w, https:\/\/ingegraf.es\/wp-content\/uploads\/2021\/11\/malaga_1-22-768x445.png 768w\" sizes=\"auto, (max-width: 604px) 100vw, 604px\" \/><\/div><a class=\"wp-block-latest-posts__post-title\" href=\"https:\/\/ingegraf.es\/?p=1905\">31st INGEGRAF International Conference | 2022<\/a><time datetime=\"2021-11-19T08:54:29+00:00\" class=\"wp-block-latest-posts__post-date\">noviembre 19, 2021<\/time><div class=\"wp-block-latest-posts__post-excerpt\">31th INGEGRAF International Conference | 2022 XXXI Congreso Internacional INGEGRAF | 2022 29th, 30th June and 1st July 2022 \u00a0 29,\u00a030 de junio y 1 de julio de 2022 Graphic Expression: reunion, reflection, representation \u00a0 La\u00a0Expresi\u00f3n Gr\u00e1fica: reencuentro, reflexi\u00f3n, representaci\u00f3n \u00a0 \u00a0 \u00a0 Dear colleague, We are pleased to invite you to join the 31st &hellip; <a href=\"https:\/\/ingegraf.es\/?p=1905\" class=\"more-link\">Seguir leyendo <span class=\"screen-reader-text\">31st INGEGRAF International Conference | 2022<\/span> <span class=\"meta-nav\">&rarr;<\/span><\/a><\/div><\/li>\n<\/ul>\n\n\n<p><\/p>\n","protected":false},"excerpt":{"rendered":"","protected":false},"author":1,"featured_media":0,"parent":0,"menu_order":0,"comment_status":"closed","ping_status":"closed","template":"","meta":{"footnotes":""},"class_list":["post-5","page","type-page","status-publish","hentry"],"_links":{"self":[{"href":"https:\/\/ingegraf.es\/index.php?rest_route=\/wp\/v2\/pages\/5","targetHints":{"allow":["GET"]}}],"collection":[{"href":"https:\/\/ingegraf.es\/index.php?rest_route=\/wp\/v2\/pages"}],"about":[{"href":"https:\/\/ingegraf.es\/index.php?rest_route=\/wp\/v2\/types\/page"}],"author":[{"embeddable":true,"href":"https:\/\/ingegraf.es\/index.php?rest_route=\/wp\/v2\/users\/1"}],"replies":[{"embeddable":true,"href":"https:\/\/ingegraf.es\/index.php?rest_route=%2Fwp%2Fv2%2Fcomments&post=5"}],"version-history":[{"count":35,"href":"https:\/\/ingegraf.es\/index.php?rest_route=\/wp\/v2\/pages\/5\/revisions"}],"predecessor-version":[{"id":2200,"href":"https:\/\/ingegraf.es\/index.php?rest_route=\/wp\/v2\/pages\/5\/revisions\/2200"}],"wp:attachment":[{"href":"https:\/\/ingegraf.es\/index.php?rest_route=%2Fwp%2Fv2%2Fmedia&parent=5"}],"curies":[{"name":"wp","href":"https:\/\/api.w.org\/{rel}","templated":true}]}}