{"id":130,"date":"2014-03-12T11:07:32","date_gmt":"2014-03-12T11:07:32","guid":{"rendered":"http:\/\/s621472710.mialojamiento.es\/?page_id=130"},"modified":"2025-11-26T09:10:33","modified_gmt":"2025-11-26T09:10:33","slug":"formacion","status":"publish","type":"page","link":"https:\/\/ingegraf.es\/?page_id=130","title":{"rendered":"Formaci\u00f3n"},"content":{"rendered":"<p>&nbsp;<\/p>\n<table>\n<tbody>\n<tr>\n<th scope=\"col\"><strong>CURSOS<\/strong><\/th>\n<th scope=\"col\" axis=\"ingresos\"><strong>ORGANIZA<\/strong><\/th>\n<th scope=\"col\" axis=\"ingresos\"><strong>DURACI\u00d3N<\/strong><\/th>\n<th scope=\"col\" axis=\"egresos\"><strong>FECHA INICIO<\/strong><\/th>\n<th scope=\"col\"><strong>MODALIDAD<\/strong><\/th>\n<\/tr>\n<tr>\n<td axis=\"Am\u00e9rica\" scope=\"row\"><a href=\"http:\/\/www.unizar.es\/universa\/cursosFormacion\/impresion-3d-en-ingenieria-y-arquitectura-modelado-y-digitalizacion-de-objetos-para-obtencion-de-prototipos-2\/\" target=\"_blank\" rel=\"noopener\">IMPRESI\u00d3N 3D EN INGENIER\u00cdA Y ARQUITECTURA: MODELADO Y DIGITALIZACI\u00d3N DE OBJETOS PARA OBTENCI\u00d3N DE PROTOTIPOS<\/a><\/td>\n<td>Universidad de Zaragoza<\/td>\n<td>40 h<\/td>\n<td>del 4 al 12 Diciembre<\/td>\n<td>Presencial<\/td>\n<\/tr>\n<tr>\n<td axis=\"Europa\" scope=\"row\"><a href=\"http:\/\/www.cfp.us.es\/cursos\/fc\/nuevas-tecnicas-en-levantamiento-y-modelado-escaner-laser-3d-bim-e-impresion-3d\/2371\/\" target=\"_blank\" rel=\"noopener\">NUEVAS T\u00c9CNICAS EN LEVANTAMIENTO Y MODELADO: ESC\u00c1NER L\u00c1SER 3D, BIM E IMPRESI\u00d3N 3D<\/a><\/td>\n<td>Universidad de Sevilla<\/td>\n<td>5 Cr\u00e9ditos ECTS<\/td>\n<td>Del 2 al 26 de marzo de 2015<\/td>\n<td>Presencial<\/td>\n<\/tr>\n<tr>\n<td axis=\"Europa\" scope=\"row\">\n<p id=\"parent-fieldname-title\"><a href=\"http:\/\/www.unex.es\/organizacion\/servicios-universitarios\/secretariados\/postgrado\/funciones\/cursos\/perfeccionamiento\/introduccion%20diseno%203d%20software%20lib\" target=\"_blank\" rel=\"noopener\">INTRODUCCI\u00d3N AL DISE\u00d1O 3D CON SOFTWARE LIBRE<\/a><\/p>\n<\/td>\n<td>\u00a0Universidad de Extremadura<\/td>\n<td>\u00a05,2 cr\u00e9ditos ETCS<\/td>\n<td>\u00a06 de abril al 18 de mayo<\/td>\n<td>\u00a0Presencial<\/td>\n<\/tr>\n<tr>\n<td axis=\"Europa\" scope=\"row\"><a href=\"http:\/\/wzar.unizar.es\/servicios\/epropios\/oferta.html\" target=\"_blank\" rel=\"noopener\">DIPLOMA DE ESPECIALIZACI\u00d3N EN DISE\u00d1O INDUSTRIAL AVANZADO<\/a><\/td>\n<td>\u00a0Universidad de Zaragoza<\/td>\n<td>\u00a030 cr\u00e9ditos ETCS<\/td>\n<td>\u00a0De febrero a mayo 2015<\/td>\n<td>\u00a0Presencial<\/td>\n<\/tr>\n<tr>\n<td axis=\"Am\u00e9rica\" scope=\"row\"><\/td>\n<td><\/td>\n<td><\/td>\n<td><\/td>\n<td><\/td>\n<\/tr>\n<tr>\n<td axis=\"Am\u00e9rica\" scope=\"row\"><a href=\"http:\/\/www.fue.uji.es\/solidworks\">Curso de Solidworks<\/a><\/td>\n<td>Universitat Jaume I<\/td>\n<td>40hs<\/td>\n<td>09\/11\/2014<\/td>\n<td>Presencial<\/td>\n<\/tr>\n<\/tbody>\n<\/table>\n<p>&nbsp;<\/p>\n<table>\n<tbody>\n<tr>\n<th scope=\"col\">CURSO<\/th>\n<th scope=\"col\" axis=\"ingresos\">ORGANIZA<\/th>\n<th scope=\"col\" axis=\"ingresos\">DURACI\u00d3N<\/th>\n<th scope=\"col\">MODALIDAD<\/th>\n<\/tr>\n<tr>\n<td axis=\"Am\u00e9rica\" scope=\"row\"><a href=\"https:\/\/controlmad.com\/formacion\/hybrid-master-parametric-design\/\">MASTER COURSE IN PARAMETRIC DESIGN HYBRID EDITION<\/a><\/td>\n<td>Controlmad<\/td>\n<td>226 cr\u00e9ditos<\/td>\n<td>OnLine<\/td>\n<\/tr>\n<tr>\n<td axis=\"Europa\" scope=\"row\"><a href=\"http:\/\/www.mdf.uji.es\/Estructura.php\">M\u00e1ster Oficial en Dise\u00f1o y Fabricaci\u00f3n<\/a><\/td>\n<td>Escuela Superior de Tecnolog\u00eda y Ciencias Experimentales(ESTCE) Universitat Jaume I Castell\u00f3n<\/td>\n<td>75 cr\u00e9ditos<\/td>\n<td>Presencial<\/td>\n<\/tr>\n<tr>\n<td axis=\"Europa\" scope=\"row\"><a href=\"http:\/\/www.uned.es\/egi\/mID\/ \">M\u00e1ster Universitario en Ingenier\u00eda del Dise\u00f1o<\/a><\/td>\n<td>Uned<\/td>\n<td>60 cr\u00e9ditos<\/td>\n<td>Online<\/td>\n<\/tr>\n<tr>\n<td axis=\"Am\u00e9rica\" scope=\"row\"><a href=\"http:\/\/www.elisava.net\/es\/estudios\/diseno-y-desarrollo-de-producto\">M\u00e1ster en Dise\u00f1o y Desarrollo de Producto<\/a><\/td>\n<td>Universidad Pompeu Fabra (UPF) y ELISAVA<\/td>\n<td>60 ects<\/td>\n<td>Presencial<\/td>\n<\/tr>\n<tr>\n<td axis=\"Am\u00e9rica\" scope=\"row\"><a href=\"http:\/\/www.fundaciocim.org\/formacio\/mipg\/postgrau-en-tecnic-en-cad-catia-i-solidworks\">Postgrado T\u00e9cnico en CAD: Catia y Solidworks. TCAD<\/a><\/td>\n<td>Universitat Polit\u00e8cnica de Catalunya (upc)<\/td>\n<td>15 ects<\/td>\n<td>Presencial<\/td>\n<\/tr>\n<tr>\n<td axis=\"Am\u00e9rica\" scope=\"row\"><a href=\"http:\/\/www.fundaciocim.org\/formacio\/mipg\/postgrau-en-disseny-assistit-ordinador\">Postgrau en disseny assistit per ordinador<\/a><\/td>\n<td>Universitat Polit\u00e8cnica de Catalunya (upc)<\/td>\n<td>15 ects<\/td>\n<td>Presencial<\/td>\n<\/tr>\n<\/tbody>\n<\/table>\n<p>&nbsp;<\/p>\n<table>\n<tbody>\n<tr>\n<th scope=\"col\">FECHAS<\/th>\n<th scope=\"col\" axis=\"ingresos\">CONFERENCIA\/CONGRESO<\/th>\n<th scope=\"col\" axis=\"ingresos\">PAIS<\/th>\n<th scope=\"col\"><\/th>\n<\/tr>\n<tr>\n<td axis=\"Am\u00e9rica\" scope=\"row\"><\/td>\n<td>\u00a0<span style=\"color: #3366ff;\"><a title=\"geometrias 2014\" href=\"http:\/\/aproged.pt\/encontroen.html\" target=\"_blank\" rel=\"noopener\"><span style=\"color: #3366ff;\">Geometrias&#8217;14<\/span><\/a><\/span><\/td>\n<td>Lisboa, Portugal<\/td>\n<td><\/td>\n<\/tr>\n<tr>\n<td axis=\"Europa\" scope=\"row\">2-5 de mayo de 2014<\/td>\n<td><span style=\"color: #3366ff;\"><a title=\"wscg\" href=\"http:\/\/www.wscg.eu\/\" target=\"_blank\" rel=\"noopener\"><span style=\"color: #3366ff;\">22nd International Conference on Computer Graphics, Visualization and Computer Vision<\/span><\/a><\/span><\/td>\n<td>Pilsen, Rep\u00fablica Checa<\/td>\n<\/tr>\n<tr>\n<td axis=\"Europa\" scope=\"row\">18-20 junio de 2014<\/td>\n<td><span style=\"color: #3366ff;\"><a title=\"Toulouse 2014\" href=\"http:\/\/idmme2014.sciencesconf.org\/\" target=\"_blank\" rel=\"noopener\"><span style=\"color: #3366ff;\">Joint Conference on Mechanical, Design Engineering &amp; Advanced Manufacturing<\/span><\/a><\/span><\/td>\n<td>Toulouse, Francia<\/td>\n<\/tr>\n<tr>\n<td axis=\"Am\u00e9rica\" scope=\"row\">2014<\/td>\n<td><span style=\"color: #3366ff;\"><a title=\"ietcc\" href=\"http:\/\/www.ietcc.csic.es\/index.php\/es\/80-aniversario\" target=\"_blank\" rel=\"noopener\"><span style=\"color: #3366ff;\">80 aniversario del IETcc<\/span><\/a><\/span><\/td>\n<td>Madrid, Espa\u00f1a<\/td>\n<\/tr>\n<tr>\n<td axis=\"Am\u00e9rica\" scope=\"row\">4-8 Agosto 2014<\/td>\n<td><a href=\"geometrie.uibk.ac.at\/icgg2014\/\" target=\"_blank\" rel=\"noopener\"><span style=\"color: #3366ff;\">16th International Conference on Geometry and Graphics<\/span><\/a><\/td>\n<td>Innsbruck, Austria<\/td>\n<\/tr>\n<tr>\n<td axis=\"Am\u00e9rica\" scope=\"row\">7-11 Septiembre 2014<\/td>\n<td>\u00a0<a href=\"http:\/\/www.grad.hr\/sgorjanc\/supetar\/index_eng.html\" target=\"_blank\" rel=\"noopener\"><span style=\"color: #3366ff;\">3rd Croatian Conference on Geometry and Graphics<\/span><\/a><\/td>\n<td>Supetar, Croacia<\/td>\n<td><\/td>\n<\/tr>\n<\/tbody>\n<\/table>\n<p>&nbsp;<\/p>\n<table>\n<tbody>\n<tr>\n<th scope=\"col\">FECHAS<\/th>\n<th scope=\"col\" axis=\"ingresos\">EVENTO<\/th>\n<th scope=\"col\" axis=\"ingresos\">PAIS<\/th>\n<th scope=\"col\"><\/th>\n<\/tr>\n<tr>\n<td axis=\"Am\u00e9rica\" scope=\"row\"><span class=\"square\">10-12 de junio de 2014<\/span><\/td>\n<td><span style=\"color: #3366ff;\"><a title=\"SEMINARIO CIENCIA EXCELENTE DE H2020\" href=\"http:\/\/eshorizonte2020.es\/actualidad\/eventos\/i-seminario-ciencia-excelente-de-horizonte-20202\" target=\"_blank\" rel=\"noopener\"><span style=\"color: #3366ff;\">I\u00a0Seminario \u00abCinecia Excelente\u00bb de H2020<\/span><\/a><\/span><\/td>\n<td>Euroforum, San Lorenzo de El Escorial<\/td>\n<td><\/td>\n<\/tr>\n<tr>\n<td axis=\"Am\u00e9rica\" scope=\"row\"><span class=\"square\">2-14 de junio de 2014<\/span><\/td>\n<td><a title=\"barcelona design week\" href=\"http:\/\/www.barcelonadesignweek.es\/ca\/page.asp?id=495#intro\" target=\"_blank\" rel=\"noopener\"><span style=\"color: #3366ff;\">Barcelona Design Week<\/span><\/a><\/td>\n<td>Barcelona, Espa\u00f1a<\/td>\n<td><\/td>\n<\/tr>\n<tr>\n<td axis=\"Europa\" scope=\"row\"><\/td>\n<td><\/td>\n<td><\/td>\n<\/tr>\n<tr>\n<td axis=\"Europa\" scope=\"row\">\u00a015-16 de abril de <span class=\"rbSmall\">2014<\/span><\/td>\n<td><a href=\"http:\/\/design-manufacturing-south.designnews.com\/\" target=\"_blank\" rel=\"noopener\"><span style=\"color: #3366ff;\"><span style=\"color: #3366ff;\">Design &amp; Manufacturing South Orlando<\/span>\u00a0<\/span><\/a><\/td>\n<td>Orlando<\/td>\n<\/tr>\n<tr>\n<td axis=\"Am\u00e9rica\" scope=\"row\"><\/td>\n<td><\/td>\n<td><\/td>\n<\/tr>\n<\/tbody>\n<\/table>\n<p>&nbsp;<\/p>\n","protected":false},"excerpt":{"rendered":"<p>&nbsp; CURSOS ORGANIZA DURACI\u00d3N FECHA INICIO MODALIDAD IMPRESI\u00d3N 3D EN INGENIER\u00cdA Y ARQUITECTURA: MODELADO Y DIGITALIZACI\u00d3N DE OBJETOS PARA OBTENCI\u00d3N DE PROTOTIPOS Universidad de Zaragoza 40 h del 4 al 12 Diciembre Presencial NUEVAS T\u00c9CNICAS EN LEVANTAMIENTO Y MODELADO: ESC\u00c1NER L\u00c1SER 3D, BIM E IMPRESI\u00d3N 3D Universidad de Sevilla 5 Cr\u00e9ditos ECTS Del 2 al &hellip; <a href=\"https:\/\/ingegraf.es\/?page_id=130\" class=\"more-link\">Seguir leyendo <span class=\"screen-reader-text\">Formaci\u00f3n<\/span> <span class=\"meta-nav\">&rarr;<\/span><\/a><\/p>\n","protected":false},"author":1,"featured_media":0,"parent":15,"menu_order":0,"comment_status":"closed","ping_status":"closed","template":"","meta":{"footnotes":""},"class_list":["post-130","page","type-page","status-publish","hentry"],"_links":{"self":[{"href":"https:\/\/ingegraf.es\/index.php?rest_route=\/wp\/v2\/pages\/130","targetHints":{"allow":["GET"]}}],"collection":[{"href":"https:\/\/ingegraf.es\/index.php?rest_route=\/wp\/v2\/pages"}],"about":[{"href":"https:\/\/ingegraf.es\/index.php?rest_route=\/wp\/v2\/types\/page"}],"author":[{"embeddable":true,"href":"https:\/\/ingegraf.es\/index.php?rest_route=\/wp\/v2\/users\/1"}],"replies":[{"embeddable":true,"href":"https:\/\/ingegraf.es\/index.php?rest_route=%2Fwp%2Fv2%2Fcomments&post=130"}],"version-history":[{"count":38,"href":"https:\/\/ingegraf.es\/index.php?rest_route=\/wp\/v2\/pages\/130\/revisions"}],"predecessor-version":[{"id":2111,"href":"https:\/\/ingegraf.es\/index.php?rest_route=\/wp\/v2\/pages\/130\/revisions\/2111"}],"up":[{"embeddable":true,"href":"https:\/\/ingegraf.es\/index.php?rest_route=\/wp\/v2\/pages\/15"}],"wp:attachment":[{"href":"https:\/\/ingegraf.es\/index.php?rest_route=%2Fwp%2Fv2%2Fmedia&parent=130"}],"curies":[{"name":"wp","href":"https:\/\/api.w.org\/{rel}","templated":true}]}}