{"id":11,"date":"2014-03-06T08:53:50","date_gmt":"2014-03-06T08:53:50","guid":{"rendered":"http:\/\/s621472710.mialojamiento.es\/?page_id=11"},"modified":"2026-03-24T13:01:29","modified_gmt":"2026-03-24T13:01:29","slug":"congresos","status":"publish","type":"page","link":"https:\/\/ingegraf.es\/?page_id=11","title":{"rendered":"Congresos"},"content":{"rendered":"\n<p><strong>35th INGEGRAF \u2013 13th JCM 2026<\/strong> in <strong>Aix-en-Bains<\/strong> originates as the 13th Joint Conference of ADM (Associazione Nazionale Disegno e Metodi dell\u2019Ingegneria Industriale), INGEGRAF (Asociaci\u00f3n Espa\u00f1ola de Ingenier\u00eda Gr\u00e1fica) and S.mart (Systems, Manufacturing, Academics, Resources, Technologies).<\/p>\n\n\n\n<p><strong>35th INGEGRAF <\/strong>&#8211;&nbsp;<strong>JCM 2026 originates as the 13th Joint Conference<\/strong>. &#8211;&nbsp;<span style=\"color: #3366ff;\"><a href=\"https:\/\/jcm2026.sciencesconf.org\/\">Web del Congreso<\/a>&nbsp;<\/span>&#8211;&nbsp;<span style=\"color: #3366ff;\">LIBRO DE ACTAS DEL CONGRESO<\/span><\/p>\n\n\n\n<figure class=\"wp-block-image size-full\"><a href=\"https:\/\/ingegraf.es\/wp-content\/uploads\/2025\/10\/bandeau.drawio.png\"><img loading=\"lazy\" decoding=\"async\" width=\"991\" height=\"393\" src=\"https:\/\/ingegraf.es\/wp-content\/uploads\/2025\/10\/bandeau.drawio.png\" alt=\"\" class=\"wp-image-2156\" srcset=\"https:\/\/ingegraf.es\/wp-content\/uploads\/2025\/10\/bandeau.drawio.png 991w, https:\/\/ingegraf.es\/wp-content\/uploads\/2025\/10\/bandeau.drawio-300x119.png 300w, https:\/\/ingegraf.es\/wp-content\/uploads\/2025\/10\/bandeau.drawio-768x305.png 768w\" sizes=\"auto, (max-width: 991px) 100vw, 991px\" \/><\/a><\/figure>\n\n\n\n<hr class=\"wp-block-separator has-alpha-channel-opacity\"\/>\n\n\n\n<p><strong>34th Edition<\/strong> &#8211; &nbsp;International Conference in Graphical Engineering <strong>2025 <\/strong>has been annually supported by INGEGRAF (<em>Asociaci\u00f3n Espa\u00f1ola de Ingenier\u00eda Gr\u00e1fica<\/em>) since 1988. Its 34th edition will be hosted at the <em>Escuela T\u00e9cnica Superior de Ingenier\u00eda<\/em> of the <strong>University of Seville<\/strong> under the theme Graphic AI: Future, Transformation, and Automation.<\/p>\n\n\n\n<p><strong>34 Edici\u00f3n del Congreso Internacional INGEGRAF<\/strong>, que tendr\u00e1 lugar en <strong>Sevilla,<\/strong> entre los d\u00edas 25 y 27 de junio de <strong>2025<\/strong>. &#8211;&nbsp;<span style=\"color: #3366ff;\"><a href=\"https:\/\/ingegraf2025.com\" target=\"_blank\" rel=\"noopener\">Web del Congreso<\/a>&nbsp;<\/span>&#8211;&nbsp;<span style=\"color: #3366ff;\"><a href=\"https:\/\/zenodo.org\/records\/17347721\">LIBRO DE ACTAS DEL CONGRESO<\/a><\/span><\/p>\n\n\n\n<figure class=\"wp-block-image\"><a href=\"https:\/\/ingegraf.es\/wp-content\/uploads\/2024\/11\/BANNER_34_SEVILLA_2024-2.jpg\" rel=\"attachment wp-att-2024\"><img loading=\"lazy\" decoding=\"async\" width=\"1024\" height=\"245\" src=\"https:\/\/ingegraf.es\/wp-content\/uploads\/2024\/11\/BANNER_34_SEVILLA_2024-2-1024x245.jpg\" alt=\"SEVILLA_2025\" class=\"wp-image-2024\" srcset=\"https:\/\/ingegraf.es\/wp-content\/uploads\/2024\/11\/BANNER_34_SEVILLA_2024-2-1024x245.jpg 1024w, https:\/\/ingegraf.es\/wp-content\/uploads\/2024\/11\/BANNER_34_SEVILLA_2024-2-300x72.jpg 300w, https:\/\/ingegraf.es\/wp-content\/uploads\/2024\/11\/BANNER_34_SEVILLA_2024-2-768x184.jpg 768w, https:\/\/ingegraf.es\/wp-content\/uploads\/2024\/11\/BANNER_34_SEVILLA_2024-2.jpg 1920w\" sizes=\"auto, (max-width: 1024px) 100vw, 1024px\" \/><\/a><\/figure>\n\n\n\n<p><\/p>\n\n\n\n<hr class=\"wp-block-separator has-alpha-channel-opacity\"\/>\n\n\n\n<p>&nbsp;<strong>33rd INGEGRAF \u2013 12th JCM 2024. <\/strong>International \u2013 Research and Innovation in Graphic Engineering: Tools for Achieving Sustainable Development Goals and Addressing Emerging Global Challenges<br><strong>JCM 2024 in Valencia <\/strong>originates as the 12th Joint Conference of ADM (Associazione Nazionale Disegno e Metodi dell\u2019Ingegneria Industriale), INGEGRAF (Asociaci\u00f3n Espa\u00f1ola de Ingenier\u00eda Gr\u00e1fica) and S.mart (Systems, Manufacturing, Academics, Resources, Technologies).<\/p>\n\n\n\n<p><strong>33rd INGEGRAF <\/strong>&#8211;&nbsp;<strong>JCM 2024 originates as the 12th Joint Conference<\/strong>. &#8211;&nbsp;<span style=\"color: #3366ff;\"><a href=\"http:\/\/12jcm.ingegraf.es\">Web del Congreso<\/a>&nbsp;<\/span>&#8211;<a href=\"https:\/\/link.springer.com\/book\/10.1007\/978-3-031-72829-7\" target=\"_blank\" rel=\"noopener\">&nbsp;<span style=\"color: #3366ff;\">LIBRO DE ACTAS DEL CONGRESO<\/span><\/a><\/p>\n\n\n\n<figure class=\"wp-block-image\"><a href=\"https:\/\/ingegraf.es\/wp-content\/uploads\/2024\/02\/jcm24_.png\" rel=\"attachment wp-att-2018\"><img loading=\"lazy\" decoding=\"async\" width=\"1024\" height=\"406\" src=\"https:\/\/ingegraf.es\/wp-content\/uploads\/2024\/02\/jcm24_-1024x406.png\" alt=\"jcm24_\" class=\"wp-image-2018\" srcset=\"https:\/\/ingegraf.es\/wp-content\/uploads\/2024\/02\/jcm24_.png 1024w, https:\/\/ingegraf.es\/wp-content\/uploads\/2024\/02\/jcm24_-300x119.png 300w, https:\/\/ingegraf.es\/wp-content\/uploads\/2024\/02\/jcm24_-768x305.png 768w\" sizes=\"auto, (max-width: 1024px) 100vw, 1024px\" \/><\/a><\/figure>\n\n\n\n<p><\/p>\n\n\n\n<hr class=\"wp-block-separator has-alpha-channel-opacity\"\/>\n\n\n\n<p><strong>32 Edici\u00f3n del Congreso Internacional INGEGRAF<\/strong>, que tendr\u00e1 lugar en <strong>C\u00e1diz, entre los d\u00edas 21 y 23 de junio de 2023<\/strong>. &#8211;&nbsp;<span style=\"color: #3366ff;\">Web del Congreso&nbsp;<\/span>&#8211;&nbsp;<span style=\"color: #3366ff;\">LIBRO DE ACTAS DEL CONGRESO<\/span><\/p>\n\n\n\n<figure class=\"wp-block-image\"><a href=\"https:\/\/ingegraf.es\/wp-content\/uploads\/2023\/01\/BANNER-2.jpg\" rel=\"attachment wp-att-1997\"><img loading=\"lazy\" decoding=\"async\" width=\"1024\" height=\"300\" src=\"https:\/\/ingegraf.es\/wp-content\/uploads\/2023\/01\/BANNER-2-1024x300.jpg\" alt=\"BANNER 2\" class=\"wp-image-1997\" srcset=\"https:\/\/ingegraf.es\/wp-content\/uploads\/2023\/01\/BANNER-2.jpg 1024w, https:\/\/ingegraf.es\/wp-content\/uploads\/2023\/01\/BANNER-2-300x88.jpg 300w, https:\/\/ingegraf.es\/wp-content\/uploads\/2023\/01\/BANNER-2-768x225.jpg 768w\" sizes=\"auto, (max-width: 1024px) 100vw, 1024px\" \/><\/a><\/figure>\n\n\n\n<hr class=\"wp-block-separator has-alpha-channel-opacity\"\/>\n\n\n\n<p><strong>31 Congreso Internacional INGEGRAF<\/strong> &nbsp;MALAGA 29, 30 de junio y 1 de julio de <strong>2022<\/strong><\/p>\n\n\n\n<p>31 Congreso Internacional INGEGRAF &nbsp;<strong>MALAGA <\/strong>29, 30 de junio y 1 de julio de 2022<br> La Expresi\u00f3n Gr\u00e1fica: reencuentro, reflexi\u00f3n, representaci\u00f3n &#8211;<a href=\"https:\/\/31congreso.ingegraf.uma.es\">&nbsp;<\/a><span style=\"color: #3366ff;\"><a href=\"https:\/\/31congreso.ingegraf.uma.es\">Web del Congreso<\/a>&nbsp;<\/span>&#8211;&nbsp;<span style=\"color: #3366ff;\"><a href=\"https:\/\/link.springer.com\/content\/pdf\/10.1007%2F978-3-030-70566-4.pdf\" target=\"_blank\" rel=\"noopener\">LIBRO DE ACTAS DEL CONGRESO<\/a><\/span><\/p>\n\n\n\n<figure class=\"wp-block-image\"><a href=\"https:\/\/ingegraf.es\/wp-content\/uploads\/2014\/03\/malaga_1-7-2.png\" rel=\"attachment wp-att-2072\"><img loading=\"lazy\" decoding=\"async\" width=\"1024\" height=\"406\" src=\"https:\/\/ingegraf.es\/wp-content\/uploads\/2014\/03\/malaga_1-7-2-1024x406.png\" alt=\"malaga_1-7-2\" class=\"wp-image-2072\" srcset=\"https:\/\/ingegraf.es\/wp-content\/uploads\/2014\/03\/malaga_1-7-2-1024x406.png 1024w, https:\/\/ingegraf.es\/wp-content\/uploads\/2014\/03\/malaga_1-7-2-300x119.png 300w, https:\/\/ingegraf.es\/wp-content\/uploads\/2014\/03\/malaga_1-7-2-768x305.png 768w\" sizes=\"auto, (max-width: 1024px) 100vw, 1024px\" \/><\/a><\/figure>\n\n\n\n<hr class=\"wp-block-separator has-alpha-channel-opacity\"\/>\n\n\n\n<p>&nbsp;The <strong>International Joint Conference on Mechanics, Design Engineering and Advanced Manufacturing (JCM 2022)<\/strong><\/p>\n\n\n\n<p>The <strong>JCM 2022 in Ischia<\/strong> originates as the 11th Joint Conference of ADM (Associazione<br> Nazionale Disegno e Metodi dell\u2019Ingegneria Industriale), INGEGRAF<br> (Asociaci\u00f3n Espa\u00f1ola de Ingenier\u00eda Gr\u00e1fica) and S.mart (Systems,<br> Manufacturing, Academics, Resources, Technologies).&nbsp;&#8211;&nbsp;<span style=\"color: #3366ff;\"><a href=\"http:\/\/www.jcm2022.com\" target=\"_blank\" rel=\"noopener\">Web del Congreso<\/a>&nbsp;<\/span>&#8211;&nbsp;<span style=\"color: #3366ff;\"><a href=\"https:\/\/link.springer.com\/book\/10.1007\/978-3-031-15928-2\" target=\"_blank\" rel=\"noopener\">LIBRO DE ACTAS DEL CONGRESO<\/a><\/span><\/p>\n\n\n\n<figure class=\"wp-block-image\"><a href=\"https:\/\/ingegraf.es\/wp-content\/uploads\/2021\/09\/Captura-de-pantalla-2021-09-21-a-las-13.30.49-e1632224173240.png\" rel=\"attachment wp-att-1865\"><img loading=\"lazy\" decoding=\"async\" width=\"1024\" height=\"604\" src=\"https:\/\/ingegraf.es\/wp-content\/uploads\/2021\/09\/Captura-de-pantalla-2021-09-21-a-las-13.30.49-e1632224173240-1024x604.png\" alt=\"Captura de pantalla 2021-09-21 a las 13.30.49\" class=\"wp-image-1865\" srcset=\"https:\/\/ingegraf.es\/wp-content\/uploads\/2021\/09\/Captura-de-pantalla-2021-09-21-a-las-13.30.49-e1632224173240-1024x604.png 1024w, https:\/\/ingegraf.es\/wp-content\/uploads\/2021\/09\/Captura-de-pantalla-2021-09-21-a-las-13.30.49-e1632224173240-300x177.png 300w, https:\/\/ingegraf.es\/wp-content\/uploads\/2021\/09\/Captura-de-pantalla-2021-09-21-a-las-13.30.49-e1632224173240-768x453.png 768w, https:\/\/ingegraf.es\/wp-content\/uploads\/2021\/09\/Captura-de-pantalla-2021-09-21-a-las-13.30.49-e1632224173240.png 1181w\" sizes=\"auto, (max-width: 1024px) 100vw, 1024px\" \/><\/a><\/figure>\n\n\n\n<hr class=\"wp-block-separator has-alpha-channel-opacity\"\/>\n\n\n\n<p><strong>COVID19: <\/strong>el comit\u00e9 responsable del congreso de Valencia y la Presidencia de Ingegraf, hemos decidido realizar Online el 30 Congreso Internacional INGEGRAF que se celebrar\u00e1 el 24 y 25 junio del 2021<\/p>\n\n\n\n<p><strong>\u201cIngenier\u00eda Digital, su aplicaci\u00f3n en I+D+I y su integraci\u00f3n en el actual sistema educativo como veh\u00edculo para la transformaci\u00f3n digital\u201d<\/strong><\/p>\n\n\n\n<p>24 y 25 de junio de<strong> 2021 \u2013 ONLINE \u2013 Valencia<\/strong> &#8211;&nbsp;<a href=\"https:\/\/30congreso.ingegraf.es\" target=\"_blank\" rel=\"noopener\">Web del Congreso<\/a>&nbsp;&#8211;&nbsp;<a href=\"https:\/\/link.springer.com\/content\/pdf\/10.1007%2F978-3-030-70566-4.pdf\" target=\"_blank\" rel=\"noopener\">LIBRO DE ACTAS DEL CONGRESO<\/a><\/p>\n\n\n\n<h4 class=\"wp-block-heading\"><figure><a href=\"https:\/\/ingegraf.es\/wp-content\/uploads\/2021\/01\/Captura-de-pantalla-2021-01-30-a-las-13.13.42.png\" rel=\"attachment wp-att-1795\"><img loading=\"lazy\" decoding=\"async\" class=\"alignnone size-large wp-image-1795\" src=\"https:\/\/ingegraf.es\/wp-content\/uploads\/2021\/01\/Captura-de-pantalla-2021-01-30-a-las-13.13.42-1024x334.png\" alt=\"Captura de pantalla 2021-01-30 a las 13.13.42\" width=\"1024\" height=\"334\" srcset=\"https:\/\/ingegraf.es\/wp-content\/uploads\/2021\/01\/Captura-de-pantalla-2021-01-30-a-las-13.13.42-1024x334.png 1024w, https:\/\/ingegraf.es\/wp-content\/uploads\/2021\/01\/Captura-de-pantalla-2021-01-30-a-las-13.13.42-300x98.png 300w, https:\/\/ingegraf.es\/wp-content\/uploads\/2021\/01\/Captura-de-pantalla-2021-01-30-a-las-13.13.42-768x250.png 768w, https:\/\/ingegraf.es\/wp-content\/uploads\/2021\/01\/Captura-de-pantalla-2021-01-30-a-las-13.13.42.png 1672w\" sizes=\"auto, (max-width: 1024px) 100vw, 1024px\" \/><\/a><\/figure><\/h4>\n\n\n\n<hr class=\"wp-block-separator has-alpha-channel-opacity\"\/>\n\n\n\n<p>The <strong>International Joint Conference on Mechanics, Design Engineering and Advanced Manufacturing (JCM 2020)<\/strong><\/p>\n\n\n\n<p>The <strong>International Joint Conference on Mechanics, Design Engineering and Advanced Manufacturing (JCM 2020)<\/strong> in <strong>Aix-en-Provence<\/strong> originates as the 10th Joint Conference of INGEGRAF (Asociaci\u00f3n Espa\u00f1ola de Ingenier\u00eda Gr\u00e1fica), ADM (Associazione Nazionale Disegno e Metodi dell\u2019Ingegneria Industriale) and S-mart (Systems, Manufacturing, Academics, Resources, Technologies). &#8211;&nbsp;<span style=\"color: #3366ff;\"><a href=\"http:\/\/jcm2020ct.com\/en\" target=\"_blank\" rel=\"noopener\">Web del Congreso<\/a>&nbsp;<\/span>&#8211;&nbsp;<span style=\"color: #3366ff;\"><a href=\"https:\/\/link.springer.com\/content\/pdf\/10.1007%2F978-3-030-70566-4.pdf\" target=\"_blank\" rel=\"noopener\">LIBRO DE ACTAS DEL CONGRESO<\/a><\/span><\/p>\n\n\n<div class=\"wp-block-image\">\n<figure class=\"aligncenter\"><a href=\"https:\/\/ingegraf.es\/wp-content\/uploads\/2014\/03\/Captura-de-pantalla-2021-05-10-a-las-11.17.13.png\" rel=\"attachment wp-att-1636\"><img loading=\"lazy\" decoding=\"async\" width=\"926\" height=\"142\" src=\"https:\/\/ingegraf.es\/wp-content\/uploads\/2014\/03\/Captura-de-pantalla-2021-05-10-a-las-11.17.13.png\" alt=\"\" class=\"wp-image-1851\" srcset=\"https:\/\/ingegraf.es\/wp-content\/uploads\/2014\/03\/Captura-de-pantalla-2021-05-10-a-las-11.17.13.png 926w, https:\/\/ingegraf.es\/wp-content\/uploads\/2014\/03\/Captura-de-pantalla-2021-05-10-a-las-11.17.13-300x46.png 300w, https:\/\/ingegraf.es\/wp-content\/uploads\/2014\/03\/Captura-de-pantalla-2021-05-10-a-las-11.17.13-768x118.png 768w\" sizes=\"auto, (max-width: 926px) 100vw, 926px\" \/><\/a><\/figure>\n<\/div>\n\n\n<hr class=\"wp-block-separator has-alpha-channel-opacity\"\/>\n\n\n\n<p>\u201cThe Digital Transformation in the Graphic Engineering\u201d&nbsp;29 Congreso Internacional INGEGRAF 20-21 Junio <strong>2019 \/ Logro\u00f1o<\/strong> &#8211; La Rioja &#8211;&nbsp;<span style=\"color: #3366ff;\"><a href=\"http:\/\/29congreso.ingegraf.es\/\">Web del Congreso<\/a>&nbsp;<\/span>&#8211;&nbsp;<span style=\"color: #3366ff;\"><a href=\"https:\/\/www.springer.com\/gp\/book\/9783030411992\">LIBRO DE ACTAS DEL CONGRESO&nbsp;<\/a><\/span><\/p>\n\n\n<div class=\"wp-block-image\">\n<figure class=\"alignleft\"><a href=\"https:\/\/ingegraf.es\/?attachment_id=1636\" rel=\"attachment wp-att-1636\"><img loading=\"lazy\" decoding=\"async\" width=\"1024\" height=\"377\" src=\"https:\/\/ingegraf.es\/wp-content\/uploads\/2018\/11\/Captura-de-pantalla-2018-11-11-a-las-0.36.01-1024x377.png\" alt=\"Captura de pantalla 2018-11-11 a las 0.36.01\" class=\"wp-image-1636\" srcset=\"https:\/\/ingegraf.es\/wp-content\/uploads\/2018\/11\/Captura-de-pantalla-2018-11-11-a-las-0.36.01-1024x377.png 1024w, https:\/\/ingegraf.es\/wp-content\/uploads\/2018\/11\/Captura-de-pantalla-2018-11-11-a-las-0.36.01-300x110.png 300w, https:\/\/ingegraf.es\/wp-content\/uploads\/2018\/11\/Captura-de-pantalla-2018-11-11-a-las-0.36.01-768x283.png 768w, https:\/\/ingegraf.es\/wp-content\/uploads\/2018\/11\/Captura-de-pantalla-2018-11-11-a-las-0.36.01.png 1290w\" sizes=\"auto, (max-width: 1024px) 100vw, 1024px\" \/><\/a><\/figure>\n<\/div>\n\n\n<p><\/p>\n\n\n\n<hr class=\"wp-block-separator has-alpha-channel-opacity\"\/>\n\n\n\n<p>The International Joint Conference on Mechanics, Design Engineering and Advanced Manufacturing (JCM 2018)&nbsp;20-21 de junio de <strong>2018,&nbsp;Cartagena<\/strong> (Murcia) &#8211;&nbsp;<span style=\"color: #3366ff;\"><a href=\"https:\/\/www.springer.com\/gp\/book\/9783030123451\">LIBRO DE ACTAS DEL CONGRESO<\/a><\/span><\/p>\n\n\n<div class=\"wp-block-image\">\n<figure class=\"alignleft\"><a href=\"http:\/\/29congreso.ingegraf.es\" rel=\"attachment wp-att-1600\"><img loading=\"lazy\" decoding=\"async\" width=\"1024\" height=\"305\" src=\"https:\/\/ingegraf.es\/wp-content\/uploads\/2017\/11\/Captura-de-pantalla-2017-11-08-a-las-18.01.10-1-1024x305.png\" alt=\"Captura de pantalla 2017-11-08 a las 18.01.10\" class=\"wp-image-1600\" srcset=\"https:\/\/ingegraf.es\/wp-content\/uploads\/2017\/11\/Captura-de-pantalla-2017-11-08-a-las-18.01.10-1-1024x305.png 1024w, https:\/\/ingegraf.es\/wp-content\/uploads\/2017\/11\/Captura-de-pantalla-2017-11-08-a-las-18.01.10-1-300x90.png 300w, https:\/\/ingegraf.es\/wp-content\/uploads\/2017\/11\/Captura-de-pantalla-2017-11-08-a-las-18.01.10-1-768x229.png 768w, https:\/\/ingegraf.es\/wp-content\/uploads\/2017\/11\/Captura-de-pantalla-2017-11-08-a-las-18.01.10-1.png 1200w\" sizes=\"auto, (max-width: 1024px) 100vw, 1024px\" \/><\/a><\/figure>\n<\/div>\n\n\n<p><\/p>\n\n\n\n<p><\/p>\n\n\n\n<hr class=\"wp-block-separator has-alpha-channel-opacity\"\/>\n\n\n\n<p>&nbsp;\u201cEl Congreso bajo el lema \u201cNuevos Modelos de Investigaci\u00f3n y Colaboraci\u00f3n en Ingenier\u00eda Gr\u00e1fica\u201d 26 y 27 de junio de <strong>2017,&nbsp;Gij\u00f3n<\/strong> (Asturias) &#8211;&nbsp;<span style=\"color: #3366ff;\"><a href=\"http:\/\/27congreso.ingegraf.es\/\">Web del Congreso<\/a>&nbsp;<\/span>&#8211;&nbsp;<span style=\"color: #3366ff;\"><a href=\"http:\/\/27congreso.ingegraf.es\/Documentos\/LibroActasIngegraf2017.pdf\">LIBRO DE ACTAS DEL CONGRESO<\/a><\/span><\/p>\n\n\n<div class=\"wp-block-image\">\n<figure class=\"alignleft\"><a href=\"http:\/\/27congreso.ingegraf.es\" rel=\"attachment wp-att-1421\"><img loading=\"lazy\" decoding=\"async\" width=\"1024\" height=\"326\" src=\"https:\/\/ingegraf.es\/wp-content\/uploads\/2016\/12\/Captura-de-pantalla-2016-12-27-a-las-23.27.04-1-1024x326.png\" alt=\"\" class=\"wp-image-1522\" srcset=\"https:\/\/ingegraf.es\/wp-content\/uploads\/2016\/12\/Captura-de-pantalla-2016-12-27-a-las-23.27.04-1-1024x326.png 1024w, https:\/\/ingegraf.es\/wp-content\/uploads\/2016\/12\/Captura-de-pantalla-2016-12-27-a-las-23.27.04-1-300x96.png 300w, https:\/\/ingegraf.es\/wp-content\/uploads\/2016\/12\/Captura-de-pantalla-2016-12-27-a-las-23.27.04-1-768x245.png 768w, https:\/\/ingegraf.es\/wp-content\/uploads\/2016\/12\/Captura-de-pantalla-2016-12-27-a-las-23.27.04-1.png 1098w\" sizes=\"auto, (max-width: 1024px) 100vw, 1024px\" \/><\/a><\/figure>\n<\/div>\n\n\n<p><\/p>\n\n\n\n<p><\/p>\n\n\n\n<hr class=\"wp-block-separator has-alpha-channel-opacity\"\/>\n\n\n\n<p>International Joint Conference on Mechanics, Design Engineering &amp; Advanced Manufacturing &#8211; 14th-16th september <strong>2016 Catania<\/strong> (Italy) &#8211; <span style=\"color: #3366ff;\"><a href=\"http:\/\/www.jcm2016ct.com\/key_dates.asp\">WEB del Congreso<\/a>&nbsp;<\/span>&#8211;&nbsp;<span style=\"color: #3366ff;\"><a href=\"https:\/\/link.springer.com\/book\/10.1007\/978-3-319-45781-9\">LIBRO DE ACTAS DEL CONGRESO<\/a><\/span><\/p>\n\n\n\n<figure class=\"wp-block-image\"><a href=\"https:\/\/ingegraf.es\/wp-content\/uploads\/2014\/03\/Captura-de-pantalla-2025-06-23-a-las-15.04.51.png\" rel=\"attachment wp-att-2081\"><img loading=\"lazy\" decoding=\"async\" width=\"1024\" height=\"283\" src=\"https:\/\/ingegraf.es\/wp-content\/uploads\/2014\/03\/Captura-de-pantalla-2025-06-23-a-las-15.04.51-1024x283.png\" alt=\"Captura de pantalla 2025-06-23 a las 15.04.51\" class=\"wp-image-2081\" srcset=\"https:\/\/ingegraf.es\/wp-content\/uploads\/2014\/03\/Captura-de-pantalla-2025-06-23-a-las-15.04.51-1024x283.png 1024w, https:\/\/ingegraf.es\/wp-content\/uploads\/2014\/03\/Captura-de-pantalla-2025-06-23-a-las-15.04.51-300x83.png 300w, https:\/\/ingegraf.es\/wp-content\/uploads\/2014\/03\/Captura-de-pantalla-2025-06-23-a-las-15.04.51-768x212.png 768w\" sizes=\"auto, (max-width: 1024px) 100vw, 1024px\" \/><\/a><\/figure>\n\n\n\n<p><\/p>\n\n\n\n<p><\/p>\n\n\n\n<hr class=\"wp-block-separator has-alpha-channel-opacity\"\/>\n\n\n\n<div class=\"wp-block-group alignfull\"><div class=\"wp-block-group__inner-container is-layout-flow wp-block-group-is-layout-flow\">\n<p><br> \u201cIngegraf+D+i\u201d Contribuci\u00f3n de la ingenier\u00eda gr\u00e1fica a la sociedad 2016<br><br> 24 de junio de <strong>2016, Zaragoza<\/strong> \u2013 <br> <a style=\"color:#3366ff;\" href=\"https:\/\/zaguan.unizar.es\/record\/58431\/files\/BOOK-2017-004.pdf\" target=\"_blank\"><br>      LIBRO DE ACTAS JORNADA<br>    <\/a><br><\/p>\n\n\n<div class=\"wp-block-image\">\n<figure class=\"alignleft size-large\"><a href=\"https:\/\/ingegraf.es\/?attachment_id=1421\" target=\"_blank\" rel=\"noopener\"><img decoding=\"async\" src=\"https:\/\/ingegraf.es\/wp-content\/uploads\/2016\/06\/logo_2016_za7-1-1024x321.jpg\" alt=\"logo_2016_za7\"\/><\/a><\/figure>\n<\/div>\n\n\n<p>\n    M\u00e1s informaci\u00f3n en \n    <a href=\"https:\/\/ingegraf.es\/?page_id=1206\" target=\"_blank\">\n      la web de Ingegraf\n    <\/a>.\n  <\/p>\n<\/div><\/div>\n\n\n\n<hr class=\"wp-block-separator has-alpha-channel-opacity\"\/>\n\n\n\n<div class=\"wp-block-group\" style=\"padding-top:20px;padding-bottom:20px\"><div class=\"wp-block-group__inner-container is-layout-constrained wp-block-group-is-layout-constrained\">\n<p> XXV INTERNATIONAL CONFERENCE ON GRAPHICS ENGINEERING \u2013 <strong>2015 <\/strong>\u2013 <br> <a href=\"https:\/\/ingegraf.es\/docs_\/PRO_XXV_CONF.PDF\" target=\"_blank\" rel=\"noopener\"><br>      DESCARGAR ACTAS<br>    <\/a><br> Nuevos Horizontes de la Ingenier\u00eda Gr\u00e1fica<br><br> 17\u201319 Junio de <strong>2015<\/strong>, <strong>San Sebasti\u00e1n<\/strong> \u2013 <br> <a style=\"color:#3366ff;\" href=\"http:\/\/ingegraf.tecnun.es\/\" target=\"_blank\" rel=\"noopener\"><br>      Web del Congreso<br>    <\/a><\/p>\n\n\n\n<figure class=\"wp-block-image size-full\"><a href=\"https:\/\/ingegraf.es\/wp-content\/uploads\/2025\/10\/Banner_San_Sebastian_2015.png\"><img loading=\"lazy\" decoding=\"async\" width=\"652\" height=\"351\" src=\"https:\/\/ingegraf.es\/wp-content\/uploads\/2025\/10\/Banner_San_Sebastian_2015.png\" alt=\"\" class=\"wp-image-2166\" srcset=\"https:\/\/ingegraf.es\/wp-content\/uploads\/2025\/10\/Banner_San_Sebastian_2015.png 652w, https:\/\/ingegraf.es\/wp-content\/uploads\/2025\/10\/Banner_San_Sebastian_2015-300x162.png 300w\" sizes=\"auto, (max-width: 652px) 100vw, 652px\" \/><\/a><\/figure>\n\n\n\n<p>&nbsp;<\/p>\n<\/div><\/div>\n\n\n\n<div class=\"wp-block-group\" style=\"padding-top:20px;padding-bottom:20px\"><div class=\"wp-block-group__inner-container is-layout-constrained wp-block-group-is-layout-constrained\">\n<p><br> JORNADA \u201cLEARN DESIGN BY DOING\u201d \u2013 APRENDIENDO DE LA EXPERIENCIA \u2013 <strong>2014 <\/strong>\u2013 <br> <a href=\"https:\/\/ingegraf.es\/docs_\/LIBRO_ACTAS_JORNADA_INGEGRAF_2014.pdf\" target=\"_blank\" rel=\"noopener\"><br>      DESCARGAR ACTAS<br>    <\/a><br> \u201cLearn Design by Doing\u201d<br><br> 19 de septiembre de 2014, <strong>Valencia <\/strong>\u2013 Universitat Polit\u00e8cnica de Val\u00e8ncia.<br> <a href=\"https:\/\/ingegraf.es\/wp-content\/uploads\/2016\/04\/Resumen-MESA-REDONDA.pdf\" target=\"_blank\" rel=\"noopener\"><br>      Mesa Redonda Jornada \u2013 2014 \u2013 <span style=\"color:#0000ff;\">DESCARGAR RESUMEN<\/span><br>    <\/a><br><\/p>\n\n\n\n<figure class=\"wp-block-image size-full\"><a href=\"https:\/\/ingegraf.es\/wp-content\/uploads\/2025\/10\/Banner_Valencia_2014.png\"><img loading=\"lazy\" decoding=\"async\" width=\"902\" height=\"222\" src=\"https:\/\/ingegraf.es\/wp-content\/uploads\/2025\/10\/Banner_Valencia_2014.png\" alt=\"\" class=\"wp-image-2167\" srcset=\"https:\/\/ingegraf.es\/wp-content\/uploads\/2025\/10\/Banner_Valencia_2014.png 902w, https:\/\/ingegraf.es\/wp-content\/uploads\/2025\/10\/Banner_Valencia_2014-300x74.png 300w, https:\/\/ingegraf.es\/wp-content\/uploads\/2025\/10\/Banner_Valencia_2014-768x189.png 768w\" sizes=\"auto, (max-width: 902px) 100vw, 902px\" \/><\/a><\/figure>\n\n\n\n<p>&nbsp;<\/p>\n\n\n\n<hr class=\"wp-block-separator has-alpha-channel-opacity\"\/>\n<\/div><\/div>\n\n\n\n<div class=\"wp-block-group\" style=\"padding-top:20px;padding-bottom:20px\"><div class=\"wp-block-group__inner-container is-layout-constrained wp-block-group-is-layout-constrained\">\n<p> XXIV Congreso Internacional de Ingenier\u00eda Gr\u00e1fica INGEGRAF \u2013 2014 \u2013 <br> <a href=\"http:\/\/s621472710.mialojamiento.es\/wp-content\/uploads\/2015\/09\/Abstract_sessions_francia2.pdf\" target=\"_blank\" rel=\"noopener\"><br>      DESCARGAR RES\u00daMENES<br>    <\/a><br> Joint Conference on Mechanical, Design Engineering &amp; Advanced Manufacturing<br><br> Based on a joint conference including:<br><br> \u2013 IDMME (Integrated Design and Manufacturing in Mechanical Engineering)<br><br> \u2013 Virtual Concept<br><br> \u2013 ADM-IMProVe (Innovative Methods in Product Design and Development)<br><br> \u2013 Ingegraf (Graphic Engineering)<br><a style=\"color:#3366ff;\" href=\"http:\/\/idmme2014.sciencesconf.org\/\" target=\"_blank\" rel=\"noopener\"><br>      Web del Congreso<\/a><br> <a style=\"color:#3366ff;\" href=\"http:\/\/www.springer.com\/gp\/book\/9783319261195\" target=\"_blank\" rel=\"noopener\"><br>      PUBLICACI\u00d3N ART\u00cdCULOS Springer<br>    <\/a><\/p>\n\n\n\n<figure class=\"wp-block-image size-full\"><a href=\"https:\/\/ingegraf.es\/wp-content\/uploads\/2025\/10\/Banner_Tolouse_2014.png\"><img loading=\"lazy\" decoding=\"async\" width=\"972\" height=\"265\" src=\"https:\/\/ingegraf.es\/wp-content\/uploads\/2025\/10\/Banner_Tolouse_2014.png\" alt=\"\" class=\"wp-image-2164\" srcset=\"https:\/\/ingegraf.es\/wp-content\/uploads\/2025\/10\/Banner_Tolouse_2014.png 972w, https:\/\/ingegraf.es\/wp-content\/uploads\/2025\/10\/Banner_Tolouse_2014-300x82.png 300w, https:\/\/ingegraf.es\/wp-content\/uploads\/2025\/10\/Banner_Tolouse_2014-768x209.png 768w\" sizes=\"auto, (max-width: 972px) 100vw, 972px\" \/><\/a><\/figure>\n\n\n\n<p>&nbsp;<\/p>\n\n\n\n<hr class=\"wp-block-separator has-alpha-channel-opacity\"\/>\n<\/div><\/div>\n\n\n\n<div class=\"wp-block-group\" style=\"padding-top:20px;padding-bottom:20px\"><div class=\"wp-block-group__inner-container is-layout-constrained wp-block-group-is-layout-constrained\">\n<p>XXII Congreso INGEGRAF \u2013 IMProVe International Conference \u2013 <strong>2011 <\/strong>\u2013 San Servolo, Venice (Italy)<br> <a href=\"http:\/\/s621472710.mialojamiento.es\/wp-content\/uploads\/2015\/09\/Articulos_XXII.pdf\" target=\"_blank\" rel=\"noopener\"><br> DESCARGAR ACTAS<br> <\/a><br> The IMProVe International Conference originates as the 5th Joint Conference of ADM <br> (the Italian <em>Associazione Nazionale Disegno di Macchine<\/em>) and INGEGRAF <br> (Asociaci\u00f3n Espa\u00f1ola de Ingenier\u00eda Gr\u00e1fica), and is also supported by A.I.P. PRIMECA <br> (<em>Ateliers Inter-\u00e9tablissements de Productique &#8211; P\u00f4les de Ressources Informatiques pour la M\u00e9canique<\/em>).<br><br> June 15th \u2013 17th, <strong>2011<\/strong>, San Servolo, Venice (Italy)<\/p>\n\n\n\n<p>Conjunto con ADM (Italia)<br> <a href=\"https:\/\/www.associazioneadm.it\/convegni\/ADM-IMPROVE-2011\/\" target=\"_blank\" rel=\"noreferrer noopener\"><br> Web del Congreso<br> <\/a><br><\/p>\n\n\n<div class=\"wp-block-image\">\n<figure class=\"aligncenter size-large\"><img decoding=\"async\" src=\"http:\/\/s621472710.mialojamiento.es\/wp-content\/uploads\/2015\/09\/improve_2011.jpg\" alt=\"Congreso INGEGRAF 2011\"\/><\/figure>\n<\/div>\n\n\n<p>&nbsp;<\/p>\n\n\n\n<hr class=\"wp-block-separator has-alpha-channel-opacity\"\/>\n<\/div><\/div>\n\n\n\n<div class=\"wp-block-group\" style=\"padding-top:20px;padding-bottom:20px\"><div class=\"wp-block-group__inner-container is-layout-constrained wp-block-group-is-layout-constrained\">\n<p>XXI Congreso Internacional Conjunto de Ingenier\u00eda Gr\u00e1fica de INGEGRAF y ADM \u2013 <strong>Lugo \u2013 2009 <\/strong>\u2013 <a href=\"http:\/\/s621472710.mialojamiento.es\/wp-content\/uploads\/2015\/09\/LUGO.zip\" target=\"_blank\" rel=\"noopener\"><br> DESCARGAR CD<br> <\/a><br> Congreso Internacional Conjunto de Ingenier\u00eda Gr\u00e1fica de INGEGRAF.<\/p>\n\n\n\n<p>Conjunto con ADM (Italia)<br><br> Lema del congreso: <em>\u201cCaminando desde la idea hacia las alternativas del dise\u00f1o\u201d<\/em>.<br><\/p>\n\n\n<div class=\"wp-block-image\">\n<figure class=\"aligncenter size-large\"><img decoding=\"async\" src=\"http:\/\/s621472710.mialojamiento.es\/wp-content\/uploads\/2015\/09\/Lugo_2009_1.png\" alt=\"Congreso INGEGRAF 2009\"\/><\/figure>\n<\/div>\n\n\n<p>&nbsp;<\/p>\n<\/div><\/div>\n\n\n\n<div class=\"wp-block-group\" style=\"padding-top:20px;padding-bottom:20px\"><div class=\"wp-block-group__inner-container is-layout-constrained wp-block-group-is-layout-constrained\">\n<p><br>    XX Congreso Internacional Conjunto de Ingenier\u00eda Gr\u00e1fica de INGEGRAF \u2013<strong> Valencia \u2013 2008<\/strong> \u2013 <br>    <a href=\"http:\/\/s621472710.mialojamiento.es\/wp-content\/uploads\/2015\/09\/Articulos_XX.pdf\" target=\"_blank\" rel=\"noopener\"><br>      DESCARGAR ACTAS<br>    <\/a><br>    Congreso Internacional Conjunto de Ingenier\u00eda Gr\u00e1fica de INGEGRAF.<br><br>    Lema del congreso: <em>\u201cIngenier\u00eda Gr\u00e1fica: Imaginar + Desarrollar\u201d<\/em>.<br>  <\/p>\n\n\n<div class=\"wp-block-image\">\n<figure class=\"aligncenter size-large\"><img decoding=\"async\" src=\"http:\/\/s621472710.mialojamiento.es\/wp-content\/uploads\/2015\/09\/Valencia_2008_1.png\" alt=\"Congreso INGEGRAF 2008\"\/><\/figure>\n<\/div>\n\n\n<hr class=\"wp-block-separator has-alpha-channel-opacity\"\/>\n<\/div><\/div>\n\n\n\n<div class=\"wp-block-group\" style=\"padding-top:20px;padding-bottom:20px\"><div class=\"wp-block-group__inner-container is-layout-constrained wp-block-group-is-layout-constrained\">\n<p><br> XIX Congreso Internacional Conjunto de Ingenier\u00eda Gr\u00e1fica de INGEGRAF \u2013 <strong>Perugia \u2013 2007<\/strong> \u2013 <br> <a href=\"https:\/\/ingegraf.es\/wp-content\/uploads\/2017\/03\/2007_Perugia.zip\" target=\"_blank\" rel=\"noopener\"><br> DESCARGAR CD<br> <\/a><br> Congreso Internacional Conjunto de Ingenier\u00eda Gr\u00e1fica de INGEGRAF.<\/p>\n\n\n\n<p>Conjunto con ADM (Italia)<br><br> Lema del congreso: <br> <em>\u201cDe la idea al producto: La representaci\u00f3n como base para el desarrollo y la innovaci\u00f3n\u201d<\/em>.<br><\/p>\n\n\n<div class=\"wp-block-image\">\n<figure class=\"aligncenter size-large\"><a href=\"https:\/\/ingegraf.es\/?attachment_id=1546\" target=\"_blank\" rel=\"noopener\"><img decoding=\"async\" src=\"https:\/\/ingegraf.es\/wp-content\/uploads\/2014\/03\/2017_bnc.png\" alt=\"Congreso INGEGRAF 2007\"\/><\/a><\/figure>\n<\/div>\n\n\n<hr class=\"wp-block-separator has-alpha-channel-opacity\"\/>\n<\/div><\/div>\n\n\n\n<div class=\"wp-block-group\" style=\"padding-top:20px;padding-bottom:20px\"><div class=\"wp-block-group__inner-container is-layout-constrained wp-block-group-is-layout-constrained\">\n<p><br>    XVIII Congreso Internacional Conjunto de Ingenier\u00eda Gr\u00e1fica de INGEGRAF \u2013 <strong>Barcelona \u2013 2006<\/strong>\u2013 <br>    <a href=\"https:\/\/ingegraf.es\/wp-content\/uploads\/2017\/03\/18_CONGRE.zip\" target=\"_blank\" rel=\"noopener\"><br>      DESCARGAR CD<br>    <\/a><br>    Congreso Internacional Conjunto de Ingenier\u00eda Gr\u00e1fica de INGEGRAF.<br><br>    Lema del congreso: <br>    <em>\u201cDise\u00f1o e innovaci\u00f3n\u201d<\/em>.<br>  <\/p>\n\n\n<div class=\"wp-block-image\">\n<figure class=\"aligncenter size-large\"><a href=\"https:\/\/ingegraf.es\/?attachment_id=1543\" target=\"_blank\" rel=\"noopener\"><img decoding=\"async\" src=\"https:\/\/ingegraf.es\/wp-content\/uploads\/2014\/03\/206_bnc.png\" alt=\"Congreso INGEGRAF 2006\"\/><\/a><\/figure>\n<\/div><\/div><\/div>\n\n\n\n<p><a href=\"https:\/\/congreso.us.es\/ingegraf\/\" target=\"_blank\" rel=\"noreferrer noopener\"><strong>*<\/strong> XVII Congreso Internacional Conjunto de Ingenier\u00eda Gr\u00e1fica de INGEGRAF &#8211; <strong>Sevilla- 2005<\/strong><\/a><\/p>\n\n\n\n<p><a href=\"https:\/\/ingegraf.es\/wp-content\/uploads\/2017\/03\/Sevilla.zip\" target=\"_blank\" rel=\"noreferrer noopener\">DESCARGAR DOCUMENTOS<\/a><\/p>\n\n\n\n<p>Conjunto con ADM (Italia)<\/p>\n\n\n\n<h4 class=\"wp-block-heading\">Congreso Internacional Conjunto de Ingenier\u00eda Gr\u00e1fica de INGEGRAF.<\/h4>\n\n\n\n<hr class=\"wp-block-separator has-alpha-channel-opacity\"\/>\n\n\n\n<p><a href=\"https:\/\/ingegraf.es\/wp-content\/uploads\/2017\/03\/2004_Zaragoza.zip\" target=\"_blank\" rel=\"noreferrer noopener\"><strong>*<\/strong> <\/a><a href=\"https:\/\/www.egrafica.unizar.es\/ingegraf\/espa\/pres\/index.htm\" target=\"_blank\" rel=\"noreferrer noopener\">XVI Congreso Internacional de Ingenier\u00eda Gr\u00e1fica de INGEGRAF &#8211; <strong>Zaragoza- 2004<\/strong><\/a><\/p>\n\n\n\n<p><a href=\"https:\/\/ingegraf.es\/wp-content\/uploads\/2017\/03\/2004_Zaragoza.zip\" target=\"_blank\" rel=\"noreferrer noopener\">DESCARGAR CD<\/a><\/p>\n\n\n\n<h4 class=\"wp-block-heading\">Congreso Internacional de Ingenier\u00eda Gr\u00e1fica de INGEGRAF. Lema del congreso \u201cLa proyecci\u00f3n de la idea\u201d<\/h4>\n\n\n\n<figure class=\"wp-block-image\"><a href=\"https:\/\/ingegraf.es\/?attachment_id=1549\"><img decoding=\"async\" src=\"https:\/\/ingegraf.es\/wp-content\/uploads\/2014\/03\/2004_za_1.png\" alt=\"2004_za_1\"\/><\/a><\/figure>\n\n\n\n<hr class=\"wp-block-separator has-alpha-channel-opacity\"\/>\n\n\n\n<p><a href=\"https:\/\/ingegraf.es\/wp-content\/uploads\/2017\/03\/XV_CONGRESO.zip\" target=\"_blank\" rel=\"noreferrer noopener\"><strong>*<\/strong> XV Congreso Internacional Conjunto de Ingenier\u00eda Gr\u00e1fica de INGEGRAF &#8211; <strong>Napoli- 2003 &#8211;<\/strong> DESCARGAR CD<\/a><\/p>\n\n\n\n<p>Congreso Internacional Conjunto de Ingenier\u00eda Gr\u00e1fica de INGEGRAF. Lema del congreso \u201cTools and methods evolution in Engineering design\u201d<\/p>\n\n\n\n<p>Conjunto con ADM (Italia)<\/p>\n\n\n\n<figure class=\"wp-block-image\"><a href=\"https:\/\/ingegraf.es\/?attachment_id=1551\"><img decoding=\"async\" src=\"https:\/\/ingegraf.es\/wp-content\/uploads\/2014\/03\/2003_nap.png\" alt=\"2003_nap\"\/><\/a><\/figure>\n\n\n\n<hr class=\"wp-block-separator has-alpha-channel-opacity\"\/>\n\n\n\n<p><a href=\"https:\/\/ingegraf.es\/wp-content\/uploads\/2017\/03\/XIVCONGRESO.ISO\" target=\"_blank\" rel=\"noreferrer noopener\"><strong>*<\/strong> XIV Congreso Internacional de Ingenier\u00eda Gr\u00e1fica de INGEGRAF &#8211; <strong>Santander- 2002 <\/strong>&#8211; DESCARGAR CD .ISO<\/a><\/p>\n\n\n\n<h4 class=\"wp-block-heading\">Congreso Internacional de Ingenier\u00eda Gr\u00e1fica de INGEGRAF.<\/h4>\n\n\n\n<figure class=\"wp-block-image\"><a href=\"https:\/\/ingegraf.es\/?attachment_id=1586\"><img decoding=\"async\" src=\"https:\/\/ingegraf.es\/wp-content\/uploads\/2014\/03\/2002_santan-1024x316.jpg\" alt=\"2002_santan\"\/><\/a><\/figure>\n\n\n\n<hr class=\"wp-block-separator has-alpha-channel-opacity\"\/>\n\n\n\n<p><a href=\"https:\/\/ingegraf.es\/wp-content\/uploads\/2017\/03\/2001_Badajoz.zip\" target=\"_blank\" rel=\"noreferrer noopener\"><strong>*<\/strong> XIII Congreso Internacional Conjunto de Ingenier\u00eda Gr\u00e1fica de INGEGRAF &#8211; <strong>Badajoz- 2001<\/strong> &#8211; DESCARGAR CD<\/a><\/p>\n\n\n\n<h4 class=\"wp-block-heading\">Congreso Internacional de Ingenier\u00eda Gr\u00e1fica de INGEGRAF. <\/h4>\n\n\n\n<p><a href=\"https:\/\/web.archive.org\/web\/20091225104856\/https:\/\/ingegraf.es\/congresos\/2001-BADAJOZ\/comienzo.html\" target=\"_blank\" rel=\"noreferrer noopener\">WEB del Congreso<\/a><\/p>\n\n\n\n<figure class=\"wp-block-image\"><a href=\"https:\/\/ingegraf.es\/?attachment_id=1567\"><img decoding=\"async\" src=\"https:\/\/ingegraf.es\/wp-content\/uploads\/2014\/03\/2001_baja_g.jpg\" alt=\"2001_baja_g\"\/><\/a><\/figure>\n\n\n\n<hr class=\"wp-block-separator has-alpha-channel-opacity\"\/>\n\n\n\n<p><a href=\"https:\/\/www.egrafica.unizar.es\/ingegraf\/espa\/pres\/index.htm\" target=\"_blank\" rel=\"noreferrer noopener\"><strong>*<\/strong> XII Congreso Internacional Conjunto de Ingenier\u00eda Gr\u00e1fica de INGEGRAF &#8211; <strong>Valladolid- 2000<\/strong><\/a><\/p>\n\n\n\n<p><a href=\"https:\/\/ingegraf.es\/wp-content\/uploads\/2017\/03\/2000_Valladolid.zip\" target=\"_blank\" rel=\"noreferrer noopener\"> DESCARGAR ART\u00cdCULOS<\/a><\/p>\n\n\n\n<h4 class=\"wp-block-heading\">Congreso Internacional de Ingenier\u00eda Gr\u00e1fica de INGEGRAF. <\/h4>\n\n\n\n<p><a href=\"https:\/\/ingegraf.es\/wp-content\/uploads\/2017\/03\/CD_VALLADOLID.zip\" target=\"_blank\" rel=\"noreferrer noopener\">Descargar CD<\/a><\/p>\n\n\n\n<figure class=\"wp-block-image\"><a href=\"https:\/\/ingegraf.es\/?attachment_id=1590\"><img decoding=\"async\" src=\"https:\/\/ingegraf.es\/wp-content\/uploads\/2014\/03\/VALLA-1024x245.png\" alt=\"VALLA\"\/><\/a><\/figure>\n\n\n\n<hr class=\"wp-block-separator has-alpha-channel-opacity\"\/>\n\n\n\n<p><a href=\"https:\/\/ingegraf.es\/wp-content\/uploads\/2017\/03\/1999_Logro\u00f1o.zip\" target=\"_blank\" rel=\"noreferrer noopener\"><strong>*<\/strong> XI Congreso Internacional Conjunto de Ingenier\u00eda Gr\u00e1fica de INGEGRAF &#8211; <strong>Logro\u00f1o \/ Pamplona &#8211; 1999<\/strong> &#8211; DESCARGAR CD<\/a><\/p>\n\n\n\n<h4 class=\"wp-block-heading\">Congreso Internacional de Ingenier\u00eda Gr\u00e1fica de INGEGRAF.<\/h4>\n\n\n\n<figure class=\"wp-block-image\"><a href=\"https:\/\/ingegraf.es\/?attachment_id=1561\"><img decoding=\"async\" src=\"https:\/\/ingegraf.es\/wp-content\/uploads\/2014\/03\/1999p.jpg\" alt=\"1999p\"\/><\/a><\/figure>\n\n\n\n<hr class=\"wp-block-separator has-alpha-channel-opacity\"\/>\n\n\n\n<p><a href=\"https:\/\/ingegraf.es\/wp-content\/uploads\/2017\/03\/1998_M\u00e1laga.zip\" target=\"_blank\" rel=\"noreferrer noopener\"><strong>*<\/strong> X Congreso Internacional Conjunto de Ingenier\u00eda Gr\u00e1fica de INGEGRAF &#8211; <strong>M\u00e1laga &#8211; 1998<\/strong> &#8211; DESCARGAR CD<\/a><\/p>\n\n\n\n<h4 class=\"wp-block-heading\">Congreso Internacional de Ingenier\u00eda Gr\u00e1fica de INGEGRAF.<\/h4>\n\n\n\n<figure class=\"wp-block-image\"><a href=\"https:\/\/ingegraf.es\/?attachment_id=1571\"><img decoding=\"async\" src=\"https:\/\/ingegraf.es\/wp-content\/uploads\/2014\/03\/1998_malaga_g.png\" alt=\"1998_malaga_g\"\/><\/a><\/figure>\n\n\n\n<hr class=\"wp-block-separator has-alpha-channel-opacity\"\/>\n\n\n\n<h2 class=\"wp-block-heading\"><strong>A\u00f1os anteriores y lugares de celebraci\u00f3n de los Congresos de Ingegraf<\/strong><\/h2>\n\n\n\n<p>VIII &#8211; 1997 Bilbao\/Donostia-San Sebasti\u00e1n<br>VII &#8211; 1996 Ja\u00e9n<br>VII &#8211; 1995 Vigo<br>VI &#8211; 1994 Toledo<br>V &#8211; 1993 Gij\u00f3n-Oviedo (Asturias)<br>IV &#8211; 1992 Madrid<br>III &#8211; 1991 Las Palmas de Gran Canaria<br>II &#8211; 1990 La R\u00e1bida (Huelva)<br>I -1989 Madrid &#8211; Primeras Jornadas de Expresi\u00f3n Gr\u00e1fica en la Ingenier\u00eda<\/p>\n\n\n\n<h2 class=\"wp-block-heading\"><strong>*<\/strong> Pr\u00f3ximamente<\/h2>\n\n\n\n<p>En breve en este espacio encontrar\u00e1s m\u00e1s libros de actas de los Congresos de Ingegraf.<\/p>\n\n\n\n<hr class=\"wp-block-separator has-alpha-channel-opacity\"\/>\n\n\n\n<p><\/p>\n","protected":false},"excerpt":{"rendered":"<p>35th INGEGRAF \u2013 13th JCM 2026 in Aix-en-Bains originates as the 13th Joint Conference of ADM (Associazione Nazionale Disegno e Metodi dell\u2019Ingegneria Industriale), INGEGRAF (Asociaci\u00f3n Espa\u00f1ola de Ingenier\u00eda Gr\u00e1fica) and S.mart (Systems, Manufacturing, Academics, Resources, Technologies). 35th INGEGRAF &#8211;&nbsp;JCM 2026 originates as the 13th Joint Conference. &#8211;&nbsp;Web del Congreso&nbsp;&#8211;&nbsp;LIBRO DE ACTAS DEL CONGRESO 34th Edition &hellip; <a href=\"https:\/\/ingegraf.es\/?page_id=11\" class=\"more-link\">Seguir leyendo <span class=\"screen-reader-text\">Congresos<\/span> <span class=\"meta-nav\">&rarr;<\/span><\/a><\/p>\n","protected":false},"author":1,"featured_media":0,"parent":0,"menu_order":0,"comment_status":"closed","ping_status":"closed","template":"","meta":{"footnotes":""},"class_list":["post-11","page","type-page","status-publish","hentry"],"_links":{"self":[{"href":"https:\/\/ingegraf.es\/index.php?rest_route=\/wp\/v2\/pages\/11","targetHints":{"allow":["GET"]}}],"collection":[{"href":"https:\/\/ingegraf.es\/index.php?rest_route=\/wp\/v2\/pages"}],"about":[{"href":"https:\/\/ingegraf.es\/index.php?rest_route=\/wp\/v2\/types\/page"}],"author":[{"embeddable":true,"href":"https:\/\/ingegraf.es\/index.php?rest_route=\/wp\/v2\/users\/1"}],"replies":[{"embeddable":true,"href":"https:\/\/ingegraf.es\/index.php?rest_route=%2Fwp%2Fv2%2Fcomments&post=11"}],"version-history":[{"count":197,"href":"https:\/\/ingegraf.es\/index.php?rest_route=\/wp\/v2\/pages\/11\/revisions"}],"predecessor-version":[{"id":2239,"href":"https:\/\/ingegraf.es\/index.php?rest_route=\/wp\/v2\/pages\/11\/revisions\/2239"}],"wp:attachment":[{"href":"https:\/\/ingegraf.es\/index.php?rest_route=%2Fwp%2Fv2%2Fmedia&parent=11"}],"curies":[{"name":"wp","href":"https:\/\/api.w.org\/{rel}","templated":true}]}}